{"id":28605,"date":"2026-01-20T18:58:43","date_gmt":"2026-01-20T17:58:43","guid":{"rendered":"https:\/\/iwonapodlasinska.com\/en\/?post_type=product&#038;p=28605"},"modified":"2026-01-20T19:01:11","modified_gmt":"2026-01-20T18:01:11","slug":"warsztaty-fotograficzne-kielce-2026","status":"publish","type":"product","link":"https:\/\/iwonapodlasinska.com\/en\/produkt\/warsztaty-fotograficzne-kielce-2026\/","title":{"rendered":"Warsztaty fotograficzne Kielce 2026"},"content":{"rendered":"<div class=\"x78zum5 x1iyjqo2 xs83m0k x1kky2od\"> Czy marzysz o tworzeniu urokliwych portret\u00f3w dzieci\u0119cych pe\u0142nych \u017cycia i wyrazu? Czy chcesz nauczy\u0107 si\u0119, jak uchwyci\u0107 magi\u0119 chwil i wydoby\u0107 pi\u0119kno ka\u017cdego u\u015bmiechu? \ud83d\ude42 Je\u015bli tak, do\u0142\u0105cz do nas na wyj\u0105tkowych Warsztatach Fotografii Portretowej Dzieci\u0119cej, kt\u00f3re odb\u0119d\u0105 si\u0119 <strong>11-12 lipca 2026<\/strong> roku w malowniczych okolicach Kielc <div id='gallery-1' class='gallery galleryid-28605 gallery-columns-6 gallery-size-thumbnail'><figure class='gallery-item'>\n\t\t\t<div class='gallery-icon landscape'>\n\t\t\t\t<img loading=\"lazy\" decoding=\"async\" width=\"150\" height=\"150\" src=\"https:\/\/iwonapodlasinska.com\/en\/wp-content\/uploads\/sites\/3\/2025\/03\/nakladki-150x150.jpg\" class=\"attachment-thumbnail size-thumbnail\" alt=\"\" srcset=\"https:\/\/iwonapodlasinska.com\/en\/wp-content\/uploads\/sites\/3\/2025\/03\/nakladki-150x150.jpg 150w, https:\/\/iwonapodlasinska.com\/en\/wp-content\/uploads\/sites\/3\/2025\/03\/nakladki-160x160.jpg 160w\" sizes=\"auto, (max-width: 150px) 100vw, 150px\" \/>\n\t\t\t<\/div><\/figure><figure class='gallery-item'>\n\t\t\t<div class='gallery-icon portrait'>\n\t\t\t\t<img loading=\"lazy\" decoding=\"async\" width=\"150\" height=\"150\" src=\"https:\/\/iwonapodlasinska.com\/en\/wp-content\/uploads\/sites\/3\/2024\/10\/48583327497_7d11a7da42_k-150x150.jpg\" class=\"attachment-thumbnail size-thumbnail\" alt=\"\" srcset=\"https:\/\/iwonapodlasinska.com\/en\/wp-content\/uploads\/sites\/3\/2024\/10\/48583327497_7d11a7da42_k-150x150.jpg 150w, https:\/\/iwonapodlasinska.com\/en\/wp-content\/uploads\/sites\/3\/2024\/10\/48583327497_7d11a7da42_k-300x300.jpg 300w, https:\/\/iwonapodlasinska.com\/en\/wp-content\/uploads\/sites\/3\/2024\/10\/48583327497_7d11a7da42_k-1024x1024.jpg 1024w, https:\/\/iwonapodlasinska.com\/en\/wp-content\/uploads\/sites\/3\/2024\/10\/48583327497_7d11a7da42_k-400x400.jpg 400w, https:\/\/iwonapodlasinska.com\/en\/wp-content\/uploads\/sites\/3\/2024\/10\/48583327497_7d11a7da42_k-460x460.jpg 460w, https:\/\/iwonapodlasinska.com\/en\/wp-content\/uploads\/sites\/3\/2024\/10\/48583327497_7d11a7da42_k-160x160.jpg 160w\" sizes=\"auto, (max-width: 150px) 100vw, 150px\" \/>\n\t\t\t<\/div><\/figure><figure class='gallery-item'>\n\t\t\t<div class='gallery-icon landscape'>\n\t\t\t\t<img loading=\"lazy\" decoding=\"async\" width=\"150\" height=\"150\" src=\"https:\/\/iwonapodlasinska.com\/en\/wp-content\/uploads\/sites\/3\/2024\/10\/48315415037_5d73811cee_k-150x150.jpg\" class=\"attachment-thumbnail size-thumbnail\" alt=\"\" srcset=\"https:\/\/iwonapodlasinska.com\/en\/wp-content\/uploads\/sites\/3\/2024\/10\/48315415037_5d73811cee_k-150x150.jpg 150w, https:\/\/iwonapodlasinska.com\/en\/wp-content\/uploads\/sites\/3\/2024\/10\/48315415037_5d73811cee_k-300x300.jpg 300w, https:\/\/iwonapodlasinska.com\/en\/wp-content\/uploads\/sites\/3\/2024\/10\/48315415037_5d73811cee_k-1024x1024.jpg 1024w, https:\/\/iwonapodlasinska.com\/en\/wp-content\/uploads\/sites\/3\/2024\/10\/48315415037_5d73811cee_k-768x768.jpg 768w, https:\/\/iwonapodlasinska.com\/en\/wp-content\/uploads\/sites\/3\/2024\/10\/48315415037_5d73811cee_k-1536x1536.jpg 1536w, https:\/\/iwonapodlasinska.com\/en\/wp-content\/uploads\/sites\/3\/2024\/10\/48315415037_5d73811cee_k-400x400.jpg 400w, https:\/\/iwonapodlasinska.com\/en\/wp-content\/uploads\/sites\/3\/2024\/10\/48315415037_5d73811cee_k-1300x1300.jpg 1300w, https:\/\/iwonapodlasinska.com\/en\/wp-content\/uploads\/sites\/3\/2024\/10\/48315415037_5d73811cee_k-460x460.jpg 460w, https:\/\/iwonapodlasinska.com\/en\/wp-content\/uploads\/sites\/3\/2024\/10\/48315415037_5d73811cee_k-540x540.jpg 540w, https:\/\/iwonapodlasinska.com\/en\/wp-content\/uploads\/sites\/3\/2024\/10\/48315415037_5d73811cee_k-160x160.jpg 160w, https:\/\/iwonapodlasinska.com\/en\/wp-content\/uploads\/sites\/3\/2024\/10\/48315415037_5d73811cee_k.jpg 2048w\" sizes=\"auto, (max-width: 150px) 100vw, 150px\" \/>\n\t\t\t<\/div><\/figure><figure class='gallery-item'>\n\t\t\t<div class='gallery-icon portrait'>\n\t\t\t\t<img loading=\"lazy\" decoding=\"async\" width=\"150\" height=\"150\" src=\"https:\/\/iwonapodlasinska.com\/en\/wp-content\/uploads\/sites\/3\/2024\/10\/47840753212_dc2ca34d37_k-150x150.jpg\" class=\"attachment-thumbnail size-thumbnail\" alt=\"\" srcset=\"https:\/\/iwonapodlasinska.com\/en\/wp-content\/uploads\/sites\/3\/2024\/10\/47840753212_dc2ca34d37_k-150x150.jpg 150w, https:\/\/iwonapodlasinska.com\/en\/wp-content\/uploads\/sites\/3\/2024\/10\/47840753212_dc2ca34d37_k-300x300.jpg 300w, https:\/\/iwonapodlasinska.com\/en\/wp-content\/uploads\/sites\/3\/2024\/10\/47840753212_dc2ca34d37_k-1024x1024.jpg 1024w, https:\/\/iwonapodlasinska.com\/en\/wp-content\/uploads\/sites\/3\/2024\/10\/47840753212_dc2ca34d37_k-400x400.jpg 400w, https:\/\/iwonapodlasinska.com\/en\/wp-content\/uploads\/sites\/3\/2024\/10\/47840753212_dc2ca34d37_k-460x460.jpg 460w, https:\/\/iwonapodlasinska.com\/en\/wp-content\/uploads\/sites\/3\/2024\/10\/47840753212_dc2ca34d37_k-160x160.jpg 160w\" sizes=\"auto, (max-width: 150px) 100vw, 150px\" \/>\n\t\t\t<\/div><\/figure><figure class='gallery-item'>\n\t\t\t<div class='gallery-icon portrait'>\n\t\t\t\t<img loading=\"lazy\" decoding=\"async\" width=\"150\" height=\"150\" src=\"https:\/\/iwonapodlasinska.com\/en\/wp-content\/uploads\/sites\/3\/2024\/10\/46208691052_9d17be875d_k-150x150.jpg\" class=\"attachment-thumbnail size-thumbnail\" alt=\"\" srcset=\"https:\/\/iwonapodlasinska.com\/en\/wp-content\/uploads\/sites\/3\/2024\/10\/46208691052_9d17be875d_k-150x150.jpg 150w, https:\/\/iwonapodlasinska.com\/en\/wp-content\/uploads\/sites\/3\/2024\/10\/46208691052_9d17be875d_k-300x300.jpg 300w, https:\/\/iwonapodlasinska.com\/en\/wp-content\/uploads\/sites\/3\/2024\/10\/46208691052_9d17be875d_k-1024x1024.jpg 1024w, https:\/\/iwonapodlasinska.com\/en\/wp-content\/uploads\/sites\/3\/2024\/10\/46208691052_9d17be875d_k-400x400.jpg 400w, https:\/\/iwonapodlasinska.com\/en\/wp-content\/uploads\/sites\/3\/2024\/10\/46208691052_9d17be875d_k-460x460.jpg 460w, https:\/\/iwonapodlasinska.com\/en\/wp-content\/uploads\/sites\/3\/2024\/10\/46208691052_9d17be875d_k-160x160.jpg 160w\" sizes=\"auto, (max-width: 150px) 100vw, 150px\" \/>\n\t\t\t<\/div><\/figure><figure class='gallery-item'>\n\t\t\t<div class='gallery-icon portrait'>\n\t\t\t\t<img loading=\"lazy\" decoding=\"async\" width=\"150\" height=\"150\" src=\"https:\/\/iwonapodlasinska.com\/en\/wp-content\/uploads\/sites\/3\/2024\/10\/45446817771_1759ee2156_k-150x150.jpg\" class=\"attachment-thumbnail size-thumbnail\" alt=\"\" srcset=\"https:\/\/iwonapodlasinska.com\/en\/wp-content\/uploads\/sites\/3\/2024\/10\/45446817771_1759ee2156_k-150x150.jpg 150w, https:\/\/iwonapodlasinska.com\/en\/wp-content\/uploads\/sites\/3\/2024\/10\/45446817771_1759ee2156_k-300x300.jpg 300w, https:\/\/iwonapodlasinska.com\/en\/wp-content\/uploads\/sites\/3\/2024\/10\/45446817771_1759ee2156_k-1024x1024.jpg 1024w, https:\/\/iwonapodlasinska.com\/en\/wp-content\/uploads\/sites\/3\/2024\/10\/45446817771_1759ee2156_k-400x400.jpg 400w, https:\/\/iwonapodlasinska.com\/en\/wp-content\/uploads\/sites\/3\/2024\/10\/45446817771_1759ee2156_k-460x460.jpg 460w, https:\/\/iwonapodlasinska.com\/en\/wp-content\/uploads\/sites\/3\/2024\/10\/45446817771_1759ee2156_k-160x160.jpg 160w\" sizes=\"auto, (max-width: 150px) 100vw, 150px\" \/>\n\t\t\t<\/div><\/figure>\n\t\t<\/div>\n <strong>Co Ciebie czeka na tych warsztatach:<\/strong> <\/p>\n<ol>\n<li><strong>Poszukiwanie \u015awiat\u0142a:<\/strong> Dowiesz si\u0119, jak odkrywa\u0107 pi\u0119kno \u015bwiat\u0142a naturalnego oraz jak samodzielnie aran\u017cowa\u0107 o\u015bwietlenie, korzystaj\u0105c z \u0142atwo dost\u0119pnych lamp.<\/li>\n<li><strong>Sztuka Kompozycji:<\/strong> Poznasz tajniki komponowania zdj\u0119\u0107, aby stworzy\u0107 harmonijne i wyj\u0105tkowe kadry.<\/li>\n<li><strong>Klimatyczne Zdj\u0119cia:<\/strong> Odkryj, jak tworzy\u0107 zdj\u0119cia emanuj\u0105ce niepowtarzalnym klimatem i emocjami.<\/li>\n<li><strong>Intensywne Kolory:<\/strong> Nauczysz si\u0119, jak osi\u0105gn\u0105\u0107 pi\u0119kne, g\u0142\u0119bokie kolory na Twoich fotografiach.<\/li>\n<li><strong>Dob\u00f3r Sprz\u0119tu i Ustawienia:<\/strong> Zrozumiesz, jak dopasowa\u0107 sprz\u0119t i ustawienia do r\u00f3\u017cnych rodzaj\u00f3w zdj\u0119\u0107.<\/li>\n<\/ol>\n<p> <strong>Program warsztat\u00f3w fotograficznych:<\/strong> <\/p>\n<ul>\n<li>Pierwszy dzie\u0144 to cz\u0119\u015b\u0107 teoretyczna, gdzie przez oko\u0142o 3 godziny b\u0119dziemy razem zg\u0142\u0119bia\u0107 tajniki fotografii w sali. Nast\u0119pnie wyruszymy na plenerow\u0105 sesj\u0119 zdj\u0119ciow\u0105.<\/li>\n<li>Podczas sesji plenerowej b\u0119dziesz mia\u0142\/a okazj\u0119 fotografowa\u0107 urocze dzieci w towarzystwie uroczych zwierz\u0105tek, takich jak kury, kr\u00f3liki, owce, kozy oraz urocze osio\u0142ki mieszkaj\u0105ce w Stajni Podolin.<\/li>\n<li>Drugi dzie\u0144 warsztat\u00f3w po\u015bwi\u0119cony jest wy\u0142\u0105cznie obr\u00f3bce komputerowej zdj\u0119\u0107. Pracuj\u0105c pod moim okiem, nauczysz si\u0119 wydobywa\u0107 pe\u0142en potencja\u0142 z fotografii wykonanych podczas pierwszego dnia.<\/li>\n<\/ul>\n<p> <div id='gallery-2' class='gallery galleryid-28605 gallery-columns-6 gallery-size-thumbnail'><figure class='gallery-item'>\n\t\t\t<div class='gallery-icon landscape'>\n\t\t\t\t<a href='https:\/\/iwonapodlasinska.com\/en\/?attachment_id=27622'><img loading=\"lazy\" decoding=\"async\" width=\"150\" height=\"150\" src=\"https:\/\/iwonapodlasinska.com\/en\/wp-content\/uploads\/sites\/3\/2025\/03\/9BFD57D3-F62D-45ED-8E16-57E0ECDCAEA4-150x150.jpg\" class=\"attachment-thumbnail size-thumbnail\" alt=\"\" srcset=\"https:\/\/iwonapodlasinska.com\/en\/wp-content\/uploads\/sites\/3\/2025\/03\/9BFD57D3-F62D-45ED-8E16-57E0ECDCAEA4-150x150.jpg 150w, https:\/\/iwonapodlasinska.com\/en\/wp-content\/uploads\/sites\/3\/2025\/03\/9BFD57D3-F62D-45ED-8E16-57E0ECDCAEA4-300x300.jpg 300w, https:\/\/iwonapodlasinska.com\/en\/wp-content\/uploads\/sites\/3\/2025\/03\/9BFD57D3-F62D-45ED-8E16-57E0ECDCAEA4-400x400.jpg 400w, https:\/\/iwonapodlasinska.com\/en\/wp-content\/uploads\/sites\/3\/2025\/03\/9BFD57D3-F62D-45ED-8E16-57E0ECDCAEA4-460x460.jpg 460w, https:\/\/iwonapodlasinska.com\/en\/wp-content\/uploads\/sites\/3\/2025\/03\/9BFD57D3-F62D-45ED-8E16-57E0ECDCAEA4-160x160.jpg 160w\" sizes=\"auto, (max-width: 150px) 100vw, 150px\" \/><\/a>\n\t\t\t<\/div><\/figure><figure class='gallery-item'>\n\t\t\t<div class='gallery-icon landscape'>\n\t\t\t\t<a href='https:\/\/iwonapodlasinska.com\/en\/?attachment_id=27623'><img loading=\"lazy\" decoding=\"async\" width=\"150\" height=\"150\" src=\"https:\/\/iwonapodlasinska.com\/en\/wp-content\/uploads\/sites\/3\/2025\/03\/99DC96E7-B5A3-42E8-857B-9E849DD9A144-150x150.jpg\" class=\"attachment-thumbnail size-thumbnail\" alt=\"\" srcset=\"https:\/\/iwonapodlasinska.com\/en\/wp-content\/uploads\/sites\/3\/2025\/03\/99DC96E7-B5A3-42E8-857B-9E849DD9A144-150x150.jpg 150w, https:\/\/iwonapodlasinska.com\/en\/wp-content\/uploads\/sites\/3\/2025\/03\/99DC96E7-B5A3-42E8-857B-9E849DD9A144-300x300.jpg 300w, https:\/\/iwonapodlasinska.com\/en\/wp-content\/uploads\/sites\/3\/2025\/03\/99DC96E7-B5A3-42E8-857B-9E849DD9A144-400x400.jpg 400w, https:\/\/iwonapodlasinska.com\/en\/wp-content\/uploads\/sites\/3\/2025\/03\/99DC96E7-B5A3-42E8-857B-9E849DD9A144-460x460.jpg 460w, https:\/\/iwonapodlasinska.com\/en\/wp-content\/uploads\/sites\/3\/2025\/03\/99DC96E7-B5A3-42E8-857B-9E849DD9A144-160x160.jpg 160w\" sizes=\"auto, (max-width: 150px) 100vw, 150px\" \/><\/a>\n\t\t\t<\/div><\/figure><figure class='gallery-item'>\n\t\t\t<div class='gallery-icon portrait'>\n\t\t\t\t<a href='https:\/\/iwonapodlasinska.com\/en\/?attachment_id=27624'><img loading=\"lazy\" decoding=\"async\" width=\"150\" height=\"150\" src=\"https:\/\/iwonapodlasinska.com\/en\/wp-content\/uploads\/sites\/3\/2025\/03\/IMG_0767-150x150.jpg\" class=\"attachment-thumbnail size-thumbnail\" alt=\"\" srcset=\"https:\/\/iwonapodlasinska.com\/en\/wp-content\/uploads\/sites\/3\/2025\/03\/IMG_0767-150x150.jpg 150w, https:\/\/iwonapodlasinska.com\/en\/wp-content\/uploads\/sites\/3\/2025\/03\/IMG_0767-300x300.jpg 300w, https:\/\/iwonapodlasinska.com\/en\/wp-content\/uploads\/sites\/3\/2025\/03\/IMG_0767-1024x1024.jpg 1024w, https:\/\/iwonapodlasinska.com\/en\/wp-content\/uploads\/sites\/3\/2025\/03\/IMG_0767-400x400.jpg 400w, https:\/\/iwonapodlasinska.com\/en\/wp-content\/uploads\/sites\/3\/2025\/03\/IMG_0767-460x460.jpg 460w, https:\/\/iwonapodlasinska.com\/en\/wp-content\/uploads\/sites\/3\/2025\/03\/IMG_0767-160x160.jpg 160w\" sizes=\"auto, (max-width: 150px) 100vw, 150px\" \/><\/a>\n\t\t\t<\/div><\/figure><figure class='gallery-item'>\n\t\t\t<div class='gallery-icon landscape'>\n\t\t\t\t<a href='https:\/\/iwonapodlasinska.com\/en\/?attachment_id=27625'><img loading=\"lazy\" decoding=\"async\" width=\"150\" height=\"150\" src=\"https:\/\/iwonapodlasinska.com\/en\/wp-content\/uploads\/sites\/3\/2025\/03\/CD7EFAF5-96D2-4483-AF5E-498A5BD3AD35-150x150.jpg\" class=\"attachment-thumbnail size-thumbnail\" alt=\"\" srcset=\"https:\/\/iwonapodlasinska.com\/en\/wp-content\/uploads\/sites\/3\/2025\/03\/CD7EFAF5-96D2-4483-AF5E-498A5BD3AD35-150x150.jpg 150w, https:\/\/iwonapodlasinska.com\/en\/wp-content\/uploads\/sites\/3\/2025\/03\/CD7EFAF5-96D2-4483-AF5E-498A5BD3AD35-300x300.jpg 300w, https:\/\/iwonapodlasinska.com\/en\/wp-content\/uploads\/sites\/3\/2025\/03\/CD7EFAF5-96D2-4483-AF5E-498A5BD3AD35-1024x1024.jpg 1024w, https:\/\/iwonapodlasinska.com\/en\/wp-content\/uploads\/sites\/3\/2025\/03\/CD7EFAF5-96D2-4483-AF5E-498A5BD3AD35-400x400.jpg 400w, https:\/\/iwonapodlasinska.com\/en\/wp-content\/uploads\/sites\/3\/2025\/03\/CD7EFAF5-96D2-4483-AF5E-498A5BD3AD35-460x460.jpg 460w, https:\/\/iwonapodlasinska.com\/en\/wp-content\/uploads\/sites\/3\/2025\/03\/CD7EFAF5-96D2-4483-AF5E-498A5BD3AD35-160x160.jpg 160w\" sizes=\"auto, (max-width: 150px) 100vw, 150px\" \/><\/a>\n\t\t\t<\/div><\/figure><figure class='gallery-item'>\n\t\t\t<div class='gallery-icon portrait'>\n\t\t\t\t<a href='https:\/\/iwonapodlasinska.com\/en\/?attachment_id=27626'><img loading=\"lazy\" decoding=\"async\" width=\"150\" height=\"150\" src=\"https:\/\/iwonapodlasinska.com\/en\/wp-content\/uploads\/sites\/3\/2025\/03\/06160D70-AD15-4CE3-94D7-15FBA5570DE0-150x150.jpg\" class=\"attachment-thumbnail size-thumbnail\" alt=\"\" srcset=\"https:\/\/iwonapodlasinska.com\/en\/wp-content\/uploads\/sites\/3\/2025\/03\/06160D70-AD15-4CE3-94D7-15FBA5570DE0-150x150.jpg 150w, https:\/\/iwonapodlasinska.com\/en\/wp-content\/uploads\/sites\/3\/2025\/03\/06160D70-AD15-4CE3-94D7-15FBA5570DE0-300x300.jpg 300w, https:\/\/iwonapodlasinska.com\/en\/wp-content\/uploads\/sites\/3\/2025\/03\/06160D70-AD15-4CE3-94D7-15FBA5570DE0-1024x1024.jpg 1024w, https:\/\/iwonapodlasinska.com\/en\/wp-content\/uploads\/sites\/3\/2025\/03\/06160D70-AD15-4CE3-94D7-15FBA5570DE0-400x400.jpg 400w, https:\/\/iwonapodlasinska.com\/en\/wp-content\/uploads\/sites\/3\/2025\/03\/06160D70-AD15-4CE3-94D7-15FBA5570DE0-460x460.jpg 460w, https:\/\/iwonapodlasinska.com\/en\/wp-content\/uploads\/sites\/3\/2025\/03\/06160D70-AD15-4CE3-94D7-15FBA5570DE0-160x160.jpg 160w\" sizes=\"auto, (max-width: 150px) 100vw, 150px\" \/><\/a>\n\t\t\t<\/div><\/figure><figure class='gallery-item'>\n\t\t\t<div class='gallery-icon portrait'>\n\t\t\t\t<a href='https:\/\/iwonapodlasinska.com\/en\/?attachment_id=27627'><img loading=\"lazy\" decoding=\"async\" width=\"150\" height=\"150\" src=\"https:\/\/iwonapodlasinska.com\/en\/wp-content\/uploads\/sites\/3\/2025\/03\/223762BE-2447-4EBD-871E-893F19323CD1-150x150.jpg\" class=\"attachment-thumbnail size-thumbnail\" alt=\"\" srcset=\"https:\/\/iwonapodlasinska.com\/en\/wp-content\/uploads\/sites\/3\/2025\/03\/223762BE-2447-4EBD-871E-893F19323CD1-150x150.jpg 150w, https:\/\/iwonapodlasinska.com\/en\/wp-content\/uploads\/sites\/3\/2025\/03\/223762BE-2447-4EBD-871E-893F19323CD1-300x300.jpg 300w, https:\/\/iwonapodlasinska.com\/en\/wp-content\/uploads\/sites\/3\/2025\/03\/223762BE-2447-4EBD-871E-893F19323CD1-400x400.jpg 400w, https:\/\/iwonapodlasinska.com\/en\/wp-content\/uploads\/sites\/3\/2025\/03\/223762BE-2447-4EBD-871E-893F19323CD1-460x460.jpg 460w, https:\/\/iwonapodlasinska.com\/en\/wp-content\/uploads\/sites\/3\/2025\/03\/223762BE-2447-4EBD-871E-893F19323CD1-160x160.jpg 160w\" sizes=\"auto, (max-width: 150px) 100vw, 150px\" \/><\/a>\n\t\t\t<\/div><\/figure>\n\t\t<\/div>\n <strong>Program warsztat\u00f3w fotograficznych:<\/strong> <\/p>\n<ul>\n<li>Pierwszy dzie\u0144 to cz\u0119\u015b\u0107 teoretyczna, gdzie przez oko\u0142o 3 godziny b\u0119dziemy razem zg\u0142\u0119bia\u0107 tajniki fotografii w sali. Nast\u0119pnie wyruszymy na plenerow\u0105 sesj\u0119 zdj\u0119ciow\u0105.<\/li>\n<li>Podczas sesji plenerowej b\u0119dziesz okazj\u0119 pozna\u0107 techniki pracy ze \u015bwiat\u0142em, ma\u0142ymi modelami oraz pozna\u0107 sekrety wyszukiwania najlepszego pleneru na sesje na zewn\u0105trz<\/li>\n<li>Drugi dzie\u0144 warsztat\u00f3w po\u015bwi\u0119cony jest wy\u0142\u0105cznie obr\u00f3bce komputerowej zdj\u0119\u0107. Pracuj\u0105c pod moim okiem, nauczysz si\u0119 wydobywa\u0107 pe\u0142en potencja\u0142 z fotografii wykonanych podczas pierwszego dnia.<\/li>\n<\/ul>\n<p> Do\u0142\u0105cz do Warsztat\u00f3w Fotografii Portretowej Dzieci\u0119cej i odkryj magiczny \u015bwiat fotografii. Miejsca s\u0105 ograniczone, wi\u0119c nie zwlekaj z zapisami! Cena Podana jest jako Netto. Podatek VAT zostanie naliczony przy ostatecznym rozliczeniu. Dla os\u00f3b nieposiadaj\u0105cych dzia\u0142ano\u015bci gospodarczej mo\u017cliwe zni\u017cki. Prosz\u0119 o kontakt Zapraszamy do kontaktu i rejestracji. <a class=\"\" href=\"https:\/\/wa.me\/48605897626\" target=\"_new\" rel=\"noopener\" data-start=\"2067\" data-end=\"2118\">WhatsApp<\/a> &nbsp; <\/p>\n<hr \/>\n<p> Mamy nadziej\u0119, \u017ce ten tekst pomaga w promocji warsztat\u00f3w. Je\u015bli masz jeszcze jakie\u015b pytania lub potrzebujesz dodatkowej pomocy, \u015bmia\u0142o pytaj! &nbsp; <div id='gallery-3' class='gallery galleryid-28605 gallery-columns-6 gallery-size-thumbnail'><figure class='gallery-item'>\n\t\t\t<div class='gallery-icon portrait'>\n\t\t\t\t<img loading=\"lazy\" decoding=\"async\" width=\"150\" height=\"150\" src=\"https:\/\/iwonapodlasinska.com\/en\/wp-content\/uploads\/sites\/3\/2022\/09\/50365034032_397505a9cb_k-150x150.jpg\" class=\"attachment-thumbnail size-thumbnail\" alt=\"\" srcset=\"https:\/\/iwonapodlasinska.com\/en\/wp-content\/uploads\/sites\/3\/2022\/09\/50365034032_397505a9cb_k-150x150.jpg 150w, https:\/\/iwonapodlasinska.com\/en\/wp-content\/uploads\/sites\/3\/2022\/09\/50365034032_397505a9cb_k-300x300.jpg 300w, https:\/\/iwonapodlasinska.com\/en\/wp-content\/uploads\/sites\/3\/2022\/09\/50365034032_397505a9cb_k-1024x1024.jpg 1024w, https:\/\/iwonapodlasinska.com\/en\/wp-content\/uploads\/sites\/3\/2022\/09\/50365034032_397505a9cb_k-400x400.jpg 400w, https:\/\/iwonapodlasinska.com\/en\/wp-content\/uploads\/sites\/3\/2022\/09\/50365034032_397505a9cb_k-460x460.jpg 460w, https:\/\/iwonapodlasinska.com\/en\/wp-content\/uploads\/sites\/3\/2022\/09\/50365034032_397505a9cb_k-160x160.jpg 160w\" sizes=\"auto, (max-width: 150px) 100vw, 150px\" \/>\n\t\t\t<\/div><\/figure><figure class='gallery-item'>\n\t\t\t<div class='gallery-icon landscape'>\n\t\t\t\t<img loading=\"lazy\" decoding=\"async\" width=\"150\" height=\"150\" src=\"https:\/\/iwonapodlasinska.com\/en\/wp-content\/uploads\/sites\/3\/2022\/09\/50580607692_c39c8bb7dc_k-150x150.jpg\" class=\"attachment-thumbnail size-thumbnail\" alt=\"\" srcset=\"https:\/\/iwonapodlasinska.com\/en\/wp-content\/uploads\/sites\/3\/2022\/09\/50580607692_c39c8bb7dc_k-150x150.jpg 150w, https:\/\/iwonapodlasinska.com\/en\/wp-content\/uploads\/sites\/3\/2022\/09\/50580607692_c39c8bb7dc_k-300x300.jpg 300w, https:\/\/iwonapodlasinska.com\/en\/wp-content\/uploads\/sites\/3\/2022\/09\/50580607692_c39c8bb7dc_k-1024x1024.jpg 1024w, https:\/\/iwonapodlasinska.com\/en\/wp-content\/uploads\/sites\/3\/2022\/09\/50580607692_c39c8bb7dc_k-400x400.jpg 400w, https:\/\/iwonapodlasinska.com\/en\/wp-content\/uploads\/sites\/3\/2022\/09\/50580607692_c39c8bb7dc_k-460x460.jpg 460w, https:\/\/iwonapodlasinska.com\/en\/wp-content\/uploads\/sites\/3\/2022\/09\/50580607692_c39c8bb7dc_k-160x160.jpg 160w\" sizes=\"auto, (max-width: 150px) 100vw, 150px\" \/>\n\t\t\t<\/div><\/figure><figure class='gallery-item'>\n\t\t\t<div class='gallery-icon landscape'>\n\t\t\t\t<img loading=\"lazy\" decoding=\"async\" width=\"150\" height=\"150\" src=\"https:\/\/iwonapodlasinska.com\/en\/wp-content\/uploads\/sites\/3\/2022\/09\/48781175142_c595e27f4d_k-150x150.jpg\" class=\"attachment-thumbnail size-thumbnail\" alt=\"\" srcset=\"https:\/\/iwonapodlasinska.com\/en\/wp-content\/uploads\/sites\/3\/2022\/09\/48781175142_c595e27f4d_k-150x150.jpg 150w, https:\/\/iwonapodlasinska.com\/en\/wp-content\/uploads\/sites\/3\/2022\/09\/48781175142_c595e27f4d_k-300x300.jpg 300w, https:\/\/iwonapodlasinska.com\/en\/wp-content\/uploads\/sites\/3\/2022\/09\/48781175142_c595e27f4d_k-1024x1024.jpg 1024w, https:\/\/iwonapodlasinska.com\/en\/wp-content\/uploads\/sites\/3\/2022\/09\/48781175142_c595e27f4d_k-400x400.jpg 400w, https:\/\/iwonapodlasinska.com\/en\/wp-content\/uploads\/sites\/3\/2022\/09\/48781175142_c595e27f4d_k-460x460.jpg 460w, https:\/\/iwonapodlasinska.com\/en\/wp-content\/uploads\/sites\/3\/2022\/09\/48781175142_c595e27f4d_k-160x160.jpg 160w\" sizes=\"auto, (max-width: 150px) 100vw, 150px\" \/>\n\t\t\t<\/div><\/figure><figure class='gallery-item'>\n\t\t\t<div class='gallery-icon portrait'>\n\t\t\t\t<img loading=\"lazy\" decoding=\"async\" width=\"150\" height=\"150\" src=\"https:\/\/iwonapodlasinska.com\/en\/wp-content\/uploads\/sites\/3\/2022\/09\/38742998480_709b875978_k-1-150x150.jpg\" class=\"attachment-thumbnail size-thumbnail\" alt=\"\" srcset=\"https:\/\/iwonapodlasinska.com\/en\/wp-content\/uploads\/sites\/3\/2022\/09\/38742998480_709b875978_k-1-150x150.jpg 150w, https:\/\/iwonapodlasinska.com\/en\/wp-content\/uploads\/sites\/3\/2022\/09\/38742998480_709b875978_k-1-300x300.jpg 300w, https:\/\/iwonapodlasinska.com\/en\/wp-content\/uploads\/sites\/3\/2022\/09\/38742998480_709b875978_k-1-1024x1024.jpg 1024w, https:\/\/iwonapodlasinska.com\/en\/wp-content\/uploads\/sites\/3\/2022\/09\/38742998480_709b875978_k-1-400x400.jpg 400w, https:\/\/iwonapodlasinska.com\/en\/wp-content\/uploads\/sites\/3\/2022\/09\/38742998480_709b875978_k-1-460x460.jpg 460w, https:\/\/iwonapodlasinska.com\/en\/wp-content\/uploads\/sites\/3\/2022\/09\/38742998480_709b875978_k-1-160x160.jpg 160w\" sizes=\"auto, (max-width: 150px) 100vw, 150px\" \/>\n\t\t\t<\/div><\/figure><figure class='gallery-item'>\n\t\t\t<div class='gallery-icon landscape'>\n\t\t\t\t<img loading=\"lazy\" decoding=\"async\" width=\"150\" height=\"150\" src=\"https:\/\/iwonapodlasinska.com\/en\/wp-content\/uploads\/sites\/3\/2022\/02\/IPodlasinska_DSC9127-Edit220827WebSize-150x150.jpg\" class=\"attachment-thumbnail size-thumbnail\" alt=\"\" aria-describedby=\"gallery-3-10122\" srcset=\"https:\/\/iwonapodlasinska.com\/en\/wp-content\/uploads\/sites\/3\/2022\/02\/IPodlasinska_DSC9127-Edit220827WebSize-150x150.jpg 150w, https:\/\/iwonapodlasinska.com\/en\/wp-content\/uploads\/sites\/3\/2022\/02\/IPodlasinska_DSC9127-Edit220827WebSize-300x300.jpg 300w, https:\/\/iwonapodlasinska.com\/en\/wp-content\/uploads\/sites\/3\/2022\/02\/IPodlasinska_DSC9127-Edit220827WebSize-1024x1024.jpg 1024w, https:\/\/iwonapodlasinska.com\/en\/wp-content\/uploads\/sites\/3\/2022\/02\/IPodlasinska_DSC9127-Edit220827WebSize-400x400.jpg 400w, https:\/\/iwonapodlasinska.com\/en\/wp-content\/uploads\/sites\/3\/2022\/02\/IPodlasinska_DSC9127-Edit220827WebSize-460x460.jpg 460w, https:\/\/iwonapodlasinska.com\/en\/wp-content\/uploads\/sites\/3\/2022\/02\/IPodlasinska_DSC9127-Edit220827WebSize-160x160.jpg 160w\" sizes=\"auto, (max-width: 150px) 100vw, 150px\" \/>\n\t\t\t<\/div>\n\t\t\t\t<figcaption class='wp-caption-text gallery-caption' id='gallery-3-10122'>\n\t\t\t\tWarsztaty fotografii dzieci\u0119cej Iwona Podlasi\u0144ska \n\t\t\t\t<\/figcaption><\/figure><figure class='gallery-item'>\n\t\t\t<div class='gallery-icon portrait'>\n\t\t\t\t<img loading=\"lazy\" decoding=\"async\" width=\"150\" height=\"150\" src=\"https:\/\/iwonapodlasinska.com\/en\/wp-content\/uploads\/sites\/3\/2022\/09\/22967530063_f7fe1d8858_k-150x150.jpg\" class=\"attachment-thumbnail size-thumbnail\" alt=\"\" srcset=\"https:\/\/iwonapodlasinska.com\/en\/wp-content\/uploads\/sites\/3\/2022\/09\/22967530063_f7fe1d8858_k-150x150.jpg 150w, https:\/\/iwonapodlasinska.com\/en\/wp-content\/uploads\/sites\/3\/2022\/09\/22967530063_f7fe1d8858_k-300x300.jpg 300w, https:\/\/iwonapodlasinska.com\/en\/wp-content\/uploads\/sites\/3\/2022\/09\/22967530063_f7fe1d8858_k-1024x1024.jpg 1024w, https:\/\/iwonapodlasinska.com\/en\/wp-content\/uploads\/sites\/3\/2022\/09\/22967530063_f7fe1d8858_k-400x400.jpg 400w, https:\/\/iwonapodlasinska.com\/en\/wp-content\/uploads\/sites\/3\/2022\/09\/22967530063_f7fe1d8858_k-460x460.jpg 460w, https:\/\/iwonapodlasinska.com\/en\/wp-content\/uploads\/sites\/3\/2022\/09\/22967530063_f7fe1d8858_k-160x160.jpg 160w\" sizes=\"auto, (max-width: 150px) 100vw, 150px\" \/>\n\t\t\t<\/div><\/figure>\n\t\t<\/div>\n <\/p><\/div>\n","protected":false},"excerpt":{"rendered":"<p>Czy marzysz o tworzeniu urokliwych portret\u00f3w dzieci\u0119cych pe\u0142nych \u017cycia i wyrazu? Czy chcesz nauczy\u0107 si\u0119, jak uchwyci\u0107 magi\u0119 chwil i wydoby\u0107 pi\u0119kno ka\u017cdego u\u015bmiechu? \ud83d\ude42 Je\u015bli tak, do\u0142\u0105cz do nas na wyj\u0105tkowych Warsztatach Fotografii Portretowej Dzieci\u0119cej, kt\u00f3re odb\u0119d\u0105 si\u0119 11-12 lipca 2026 roku w malowniczych okolicach Kielc Co Ciebie czeka na tych warsztatach: Poszukiwanie \u015awiat\u0142a: [&hellip;]<\/p>\n","protected":false},"featured_media":28606,"comment_status":"closed","ping_status":"closed","template":"","meta":{"_acf_changed":false,"inline_featured_image":false,"_glsr_average":0,"_glsr_ranking":0,"_glsr_reviews":0},"product_brand":[],"product_cat":[63],"product_tag":[],"class_list":{"0":"post-28605","1":"product","2":"type-product","3":"status-publish","4":"has-post-thumbnail","6":"product_cat-warsztaty","8":"first","9":"instock","10":"sold-individually","11":"taxable","12":"shipping-taxable","13":"product-type-external"},"acf":[],"yoast_head":"<!-- This site is optimized with the Yoast SEO plugin v26.9 - https:\/\/yoast.com\/product\/yoast-seo-wordpress\/ -->\n<title>Warsztaty fotograficzne Kielce 2026 - EN<\/title>\n<meta name=\"description\" content=\"Do\u0142\u0105cz do Warsztat\u00f3w Fotografii Portretowej Dzieci\u0119cej i odkryj magiczny \u015bwiat fotografii. Miejsca s\u0105 ograniczone, wi\u0119c nie zwlekaj z zapisami!\" \/>\n<meta name=\"robots\" content=\"index, follow, max-snippet:-1, max-image-preview:large, max-video-preview:-1\" \/>\n<link rel=\"canonical\" href=\"https:\/\/iwonapodlasinska.com\/en\/produkt\/warsztaty-fotograficzne-kielce-2026\/\" \/>\n<meta property=\"og:locale\" content=\"en_US\" \/>\n<meta property=\"og:type\" content=\"article\" \/>\n<meta property=\"og:title\" content=\"Warsztaty fotograficzne Kielce 2026 - EN\" \/>\n<meta property=\"og:description\" content=\"Do\u0142\u0105cz do Warsztat\u00f3w Fotografii Portretowej Dzieci\u0119cej i odkryj magiczny \u015bwiat fotografii. Miejsca s\u0105 ograniczone, wi\u0119c nie zwlekaj z zapisami!\" \/>\n<meta property=\"og:url\" content=\"https:\/\/iwonapodlasinska.com\/en\/produkt\/warsztaty-fotograficzne-kielce-2026\/\" \/>\n<meta property=\"og:site_name\" content=\"EN\" \/>\n<meta property=\"article:modified_time\" content=\"2026-01-20T18:01:11+00:00\" \/>\n<meta property=\"og:image\" content=\"https:\/\/iwonapodlasinska.com\/en\/wp-content\/uploads\/sites\/3\/2026\/01\/kielce.jpg\" \/>\n\t<meta property=\"og:image:width\" content=\"1200\" \/>\n\t<meta property=\"og:image:height\" content=\"1200\" \/>\n\t<meta property=\"og:image:type\" content=\"image\/jpeg\" \/>\n<meta name=\"twitter:card\" content=\"summary_large_image\" \/>\n<meta name=\"twitter:label1\" content=\"Est. reading time\" \/>\n\t<meta name=\"twitter:data1\" content=\"2 minutes\" \/>\n<script type=\"application\/ld+json\" class=\"yoast-schema-graph\">{\"@context\":\"https:\/\/schema.org\",\"@graph\":[{\"@type\":\"WebPage\",\"@id\":\"https:\/\/iwonapodlasinska.com\/en\/produkt\/warsztaty-fotograficzne-kielce-2026\/\",\"url\":\"https:\/\/iwonapodlasinska.com\/en\/produkt\/warsztaty-fotograficzne-kielce-2026\/\",\"name\":\"Warsztaty fotograficzne Kielce 2026 - EN\",\"isPartOf\":{\"@id\":\"https:\/\/iwonapodlasinska.com\/en\/#website\"},\"primaryImageOfPage\":{\"@id\":\"https:\/\/iwonapodlasinska.com\/en\/produkt\/warsztaty-fotograficzne-kielce-2026\/#primaryimage\"},\"image\":{\"@id\":\"https:\/\/iwonapodlasinska.com\/en\/produkt\/warsztaty-fotograficzne-kielce-2026\/#primaryimage\"},\"thumbnailUrl\":\"https:\/\/iwonapodlasinska.com\/en\/wp-content\/uploads\/sites\/3\/2026\/01\/kielce.jpg\",\"datePublished\":\"2026-01-20T17:58:43+00:00\",\"dateModified\":\"2026-01-20T18:01:11+00:00\",\"description\":\"Do\u0142\u0105cz do Warsztat\u00f3w Fotografii Portretowej Dzieci\u0119cej i odkryj magiczny \u015bwiat fotografii. Miejsca s\u0105 ograniczone, wi\u0119c nie zwlekaj z zapisami!\",\"breadcrumb\":{\"@id\":\"https:\/\/iwonapodlasinska.com\/en\/produkt\/warsztaty-fotograficzne-kielce-2026\/#breadcrumb\"},\"inLanguage\":\"en-US\",\"potentialAction\":[{\"@type\":\"ReadAction\",\"target\":[\"https:\/\/iwonapodlasinska.com\/en\/produkt\/warsztaty-fotograficzne-kielce-2026\/\"]}]},{\"@type\":\"ImageObject\",\"inLanguage\":\"en-US\",\"@id\":\"https:\/\/iwonapodlasinska.com\/en\/produkt\/warsztaty-fotograficzne-kielce-2026\/#primaryimage\",\"url\":\"https:\/\/iwonapodlasinska.com\/en\/wp-content\/uploads\/sites\/3\/2026\/01\/kielce.jpg\",\"contentUrl\":\"https:\/\/iwonapodlasinska.com\/en\/wp-content\/uploads\/sites\/3\/2026\/01\/kielce.jpg\",\"width\":1200,\"height\":1200},{\"@type\":\"BreadcrumbList\",\"@id\":\"https:\/\/iwonapodlasinska.com\/en\/produkt\/warsztaty-fotograficzne-kielce-2026\/#breadcrumb\",\"itemListElement\":[{\"@type\":\"ListItem\",\"position\":1,\"name\":\"Home\",\"item\":\"https:\/\/iwonapodlasinska.com\/en\/\"},{\"@type\":\"ListItem\",\"position\":2,\"name\":\"Shop\",\"item\":\"https:\/\/iwonapodlasinska.com\/en\/shop\/\"},{\"@type\":\"ListItem\",\"position\":3,\"name\":\"Warsztaty fotograficzne Kielce 2026\"}]},{\"@type\":\"WebSite\",\"@id\":\"https:\/\/iwonapodlasinska.com\/en\/#website\",\"url\":\"https:\/\/iwonapodlasinska.com\/en\/\",\"name\":\"EN\",\"description\":\"\",\"publisher\":{\"@id\":\"https:\/\/iwonapodlasinska.com\/en\/#organization\"},\"potentialAction\":[{\"@type\":\"SearchAction\",\"target\":{\"@type\":\"EntryPoint\",\"urlTemplate\":\"https:\/\/iwonapodlasinska.com\/en\/?s={search_term_string}\"},\"query-input\":{\"@type\":\"PropertyValueSpecification\",\"valueRequired\":true,\"valueName\":\"search_term_string\"}}],\"inLanguage\":\"en-US\"},{\"@type\":\"Organization\",\"@id\":\"https:\/\/iwonapodlasinska.com\/en\/#organization\",\"name\":\"EN\",\"url\":\"https:\/\/iwonapodlasinska.com\/en\/\",\"logo\":{\"@type\":\"ImageObject\",\"inLanguage\":\"en-US\",\"@id\":\"https:\/\/iwonapodlasinska.com\/en\/#\/schema\/logo\/image\/\",\"url\":\"https:\/\/iwonapodlasinska.com\/en\/wp-content\/uploads\/sites\/3\/2025\/03\/logo2.png\",\"contentUrl\":\"https:\/\/iwonapodlasinska.com\/en\/wp-content\/uploads\/sites\/3\/2025\/03\/logo2.png\",\"width\":305,\"height\":82,\"caption\":\"EN\"},\"image\":{\"@id\":\"https:\/\/iwonapodlasinska.com\/en\/#\/schema\/logo\/image\/\"}}]}<\/script>\n<!-- \/ Yoast SEO plugin. -->","yoast_head_json":{"title":"Warsztaty fotograficzne Kielce 2026 - EN","description":"Do\u0142\u0105cz do Warsztat\u00f3w Fotografii Portretowej Dzieci\u0119cej i odkryj magiczny \u015bwiat fotografii. Miejsca s\u0105 ograniczone, wi\u0119c nie zwlekaj z zapisami!","robots":{"index":"index","follow":"follow","max-snippet":"max-snippet:-1","max-image-preview":"max-image-preview:large","max-video-preview":"max-video-preview:-1"},"canonical":"https:\/\/iwonapodlasinska.com\/en\/produkt\/warsztaty-fotograficzne-kielce-2026\/","og_locale":"en_US","og_type":"article","og_title":"Warsztaty fotograficzne Kielce 2026 - EN","og_description":"Do\u0142\u0105cz do Warsztat\u00f3w Fotografii Portretowej Dzieci\u0119cej i odkryj magiczny \u015bwiat fotografii. Miejsca s\u0105 ograniczone, wi\u0119c nie zwlekaj z zapisami!","og_url":"https:\/\/iwonapodlasinska.com\/en\/produkt\/warsztaty-fotograficzne-kielce-2026\/","og_site_name":"EN","article_modified_time":"2026-01-20T18:01:11+00:00","og_image":[{"width":1200,"height":1200,"url":"https:\/\/iwonapodlasinska.com\/en\/wp-content\/uploads\/sites\/3\/2026\/01\/kielce.jpg","type":"image\/jpeg"}],"twitter_card":"summary_large_image","twitter_misc":{"Est. reading time":"2 minutes"},"schema":{"@context":"https:\/\/schema.org","@graph":[{"@type":"WebPage","@id":"https:\/\/iwonapodlasinska.com\/en\/produkt\/warsztaty-fotograficzne-kielce-2026\/","url":"https:\/\/iwonapodlasinska.com\/en\/produkt\/warsztaty-fotograficzne-kielce-2026\/","name":"Warsztaty fotograficzne Kielce 2026 - EN","isPartOf":{"@id":"https:\/\/iwonapodlasinska.com\/en\/#website"},"primaryImageOfPage":{"@id":"https:\/\/iwonapodlasinska.com\/en\/produkt\/warsztaty-fotograficzne-kielce-2026\/#primaryimage"},"image":{"@id":"https:\/\/iwonapodlasinska.com\/en\/produkt\/warsztaty-fotograficzne-kielce-2026\/#primaryimage"},"thumbnailUrl":"https:\/\/iwonapodlasinska.com\/en\/wp-content\/uploads\/sites\/3\/2026\/01\/kielce.jpg","datePublished":"2026-01-20T17:58:43+00:00","dateModified":"2026-01-20T18:01:11+00:00","description":"Do\u0142\u0105cz do Warsztat\u00f3w Fotografii Portretowej Dzieci\u0119cej i odkryj magiczny \u015bwiat fotografii. Miejsca s\u0105 ograniczone, wi\u0119c nie zwlekaj z zapisami!","breadcrumb":{"@id":"https:\/\/iwonapodlasinska.com\/en\/produkt\/warsztaty-fotograficzne-kielce-2026\/#breadcrumb"},"inLanguage":"en-US","potentialAction":[{"@type":"ReadAction","target":["https:\/\/iwonapodlasinska.com\/en\/produkt\/warsztaty-fotograficzne-kielce-2026\/"]}]},{"@type":"ImageObject","inLanguage":"en-US","@id":"https:\/\/iwonapodlasinska.com\/en\/produkt\/warsztaty-fotograficzne-kielce-2026\/#primaryimage","url":"https:\/\/iwonapodlasinska.com\/en\/wp-content\/uploads\/sites\/3\/2026\/01\/kielce.jpg","contentUrl":"https:\/\/iwonapodlasinska.com\/en\/wp-content\/uploads\/sites\/3\/2026\/01\/kielce.jpg","width":1200,"height":1200},{"@type":"BreadcrumbList","@id":"https:\/\/iwonapodlasinska.com\/en\/produkt\/warsztaty-fotograficzne-kielce-2026\/#breadcrumb","itemListElement":[{"@type":"ListItem","position":1,"name":"Home","item":"https:\/\/iwonapodlasinska.com\/en\/"},{"@type":"ListItem","position":2,"name":"Shop","item":"https:\/\/iwonapodlasinska.com\/en\/shop\/"},{"@type":"ListItem","position":3,"name":"Warsztaty fotograficzne Kielce 2026"}]},{"@type":"WebSite","@id":"https:\/\/iwonapodlasinska.com\/en\/#website","url":"https:\/\/iwonapodlasinska.com\/en\/","name":"EN","description":"","publisher":{"@id":"https:\/\/iwonapodlasinska.com\/en\/#organization"},"potentialAction":[{"@type":"SearchAction","target":{"@type":"EntryPoint","urlTemplate":"https:\/\/iwonapodlasinska.com\/en\/?s={search_term_string}"},"query-input":{"@type":"PropertyValueSpecification","valueRequired":true,"valueName":"search_term_string"}}],"inLanguage":"en-US"},{"@type":"Organization","@id":"https:\/\/iwonapodlasinska.com\/en\/#organization","name":"EN","url":"https:\/\/iwonapodlasinska.com\/en\/","logo":{"@type":"ImageObject","inLanguage":"en-US","@id":"https:\/\/iwonapodlasinska.com\/en\/#\/schema\/logo\/image\/","url":"https:\/\/iwonapodlasinska.com\/en\/wp-content\/uploads\/sites\/3\/2025\/03\/logo2.png","contentUrl":"https:\/\/iwonapodlasinska.com\/en\/wp-content\/uploads\/sites\/3\/2025\/03\/logo2.png","width":305,"height":82,"caption":"EN"},"image":{"@id":"https:\/\/iwonapodlasinska.com\/en\/#\/schema\/logo\/image\/"}}]}},"_links":{"self":[{"href":"https:\/\/iwonapodlasinska.com\/en\/wp-json\/wp\/v2\/product\/28605","targetHints":{"allow":["GET"]}}],"collection":[{"href":"https:\/\/iwonapodlasinska.com\/en\/wp-json\/wp\/v2\/product"}],"about":[{"href":"https:\/\/iwonapodlasinska.com\/en\/wp-json\/wp\/v2\/types\/product"}],"replies":[{"embeddable":true,"href":"https:\/\/iwonapodlasinska.com\/en\/wp-json\/wp\/v2\/comments?post=28605"}],"wp:featuredmedia":[{"embeddable":true,"href":"https:\/\/iwonapodlasinska.com\/en\/wp-json\/wp\/v2\/media\/28606"}],"wp:attachment":[{"href":"https:\/\/iwonapodlasinska.com\/en\/wp-json\/wp\/v2\/media?parent=28605"}],"wp:term":[{"taxonomy":"product_brand","embeddable":true,"href":"https:\/\/iwonapodlasinska.com\/en\/wp-json\/wp\/v2\/product_brand?post=28605"},{"taxonomy":"product_cat","embeddable":true,"href":"https:\/\/iwonapodlasinska.com\/en\/wp-json\/wp\/v2\/product_cat?post=28605"},{"taxonomy":"product_tag","embeddable":true,"href":"https:\/\/iwonapodlasinska.com\/en\/wp-json\/wp\/v2\/product_tag?post=28605"}],"curies":[{"name":"wp","href":"https:\/\/api.w.org\/{rel}","templated":true}]}}